{"id":6096,"date":"2021-07-26T22:20:37","date_gmt":"2021-07-26T22:20:37","guid":{"rendered":"https:\/\/barcelaux.es\/?page_id=6096"},"modified":"2021-12-10T08:41:55","modified_gmt":"2021-12-10T08:41:55","slug":"quienes-somos","status":"publish","type":"page","link":"https:\/\/smartim.es\/ca\/quienes-somos\/","title":{"rendered":"Qui som"},"content":{"rendered":"<p>[et_pb_section fb_built=\u00bb1&#8243; fullwidth=\u00bbon\u00bb admin_label=\u00bbHero Section\u00bb _builder_version=\u00bb3.22&#8243; global_colors_info=\u00bb{}\u00bb][et_pb_fullwidth_header title=\u00bbConsultoria multidisciplinar\u00bb subhead=\u00bbLLEVA TU NEGOCIO A NUEVAS ALTURAS\u00bb text_orientation=\u00bbright\u00bb button_one_text=\u00bbAprende M\u00e1s\u00bb button_one_url=\u00bb@ET-DC@eyJkeW5hbWljIjp0cnVlLCJjb250ZW50IjoicG9zdF9saW5rX3VybF9wYWdlIiwic2V0dGluZ3MiOnsicG9zdF9pZCI6IjYxMzYifX0=@\u00bb background_overlay_color=\u00bbrgba(0,0,0,0.8)\u00bb content_max_width=\u00bb550px\u00bb _builder_version=\u00bb4.13.0&#8243; _dynamic_attributes=\u00bbbutton_one_url\u00bb title_font=\u00bbPoppins|700||on|||||\u00bb title_text_color=\u00bb#7CDA24&#8243; title_font_size=\u00bb14px\u00bb title_letter_spacing=\u00bb2px\u00bb title_line_height=\u00bb1.8em\u00bb subhead_font=\u00bbActor|700||on|||||\u00bb subhead_font_size=\u00bb48px\u00bb subhead_line_height=\u00bb1.4em\u00bb background_color=\u00bbrgba(255, 255, 255, 0)\u00bb background_image=\u00bbhttps:\/\/barcelaux.es\/wp-content\/uploads\/2021\/07\/consutant-01.jpg\u00bb parallax=\u00bbon\u00bb parallax_method=\u00bbon\u00bb custom_button_one=\u00bbon\u00bb button_one_text_size=\u00bb23px\u00bb button_one_text_color=\u00bb#7CDA24&#8243; button_one_border_width=\u00bb1px\u00bb button_one_border_color=\u00bbrgba(255,255,255,0.3)\u00bb button_one_border_radius=\u00bb0px\u00bb button_one_letter_spacing=\u00bb1px\u00bb button_one_font=\u00bbAdvent Pro|600||on|||||\u00bb button_one_icon=\u00bb&#x24;||divi||400&#8243; button_one_icon_color=\u00bb#edbb5f\u00bb custom_button_two=\u00bbon\u00bb button_two_border_width=\u00bb1px\u00bb button_two_border_color=\u00bbrgba(255,255,255,0.3)\u00bb button_two_border_radius=\u00bb0px\u00bb button_two_letter_spacing=\u00bb1px\u00bb button_two_font=\u00bbSaira Extra Condensed|600||on|||||\u00bb button_two_icon=\u00bb&#x24;||divi||400&#8243; button_two_icon_color=\u00bb#edbb5f\u00bb module_alignment=\u00bbright\u00bb custom_margin=\u00bb|||\u00bb custom_padding=\u00bb8%||0px|||\u00bb button_one_text_color_hover=\u00bb#edbb5f\u00bb button_two_text_color_hover=\u00bb#edbb5f\u00bb button_one_bg_color_hover=\u00bbrgba(0,0,0,0)\u00bb button_two_bg_color_hover=\u00bbrgba(0,0,0,0)\u00bb global_colors_info=\u00bb{}\u00bb button_one_text_size__hover_enabled=\u00bboff\u00bb button_two_text_size__hover_enabled=\u00bboff\u00bb button_one_text_color__hover_enabled=\u00bbon\u00bb button_one_text_color__hover=\u00bb#edbb5f\u00bb button_two_text_color__hover_enabled=\u00bbon\u00bb button_two_text_color__hover=\u00bb#edbb5f\u00bb button_one_border_width__hover_enabled=\u00bboff\u00bb button_two_border_width__hover_enabled=\u00bboff\u00bb button_one_border_color__hover_enabled=\u00bboff\u00bb button_two_border_color__hover_enabled=\u00bboff\u00bb button_one_border_radius__hover_enabled=\u00bboff\u00bb button_two_border_radius__hover_enabled=\u00bboff\u00bb button_one_letter_spacing__hover_enabled=\u00bboff\u00bb button_two_letter_spacing__hover_enabled=\u00bboff\u00bb button_one_bg_color__hover_enabled=\u00bbon\u00bb button_one_bg_color__hover=\u00bbrgba(0,0,0,0)\u00bb button_two_bg_color__hover_enabled=\u00bbon\u00bb button_two_bg_color__hover=\u00bbrgba(0,0,0,0)\u00bb]<\/p>\n<p><b><i>\u00abInvolucra't amb persones que et puguin fer millor.\u00bb<\/i><\/b><\/p>\n<p><i>Juan Pascual de Temple &#8211; CEO<\/i><\/p>\n<p>[\/et_pb_fullwidth_header][\/et_pb_section][et_pb_section fb_built=\u00bb1&#8243; _builder_version=\u00bb4.10.8&#8243; _module_preset=\u00bbdefault\u00bb background_enable_image=\u00bboff\u00bb custom_padding=\u00bb0px||3px|||\u00bb locked=\u00bboff\u00bb global_colors_info=\u00bb{}\u00bb][et_pb_row column_structure=\u00bb1_2,1_2&#8243; _builder_version=\u00bb4.10.8&#8243; _module_preset=\u00bbdefault\u00bb background_color=\u00bbrgba(255,255,255,0.8)\u00bb width=\u00bb100%\u00bb max_width=\u00bb1092px\u00bb custom_padding=\u00bb||0px|||\u00bb global_colors_info=\u00bb{}\u00bb][et_pb_column type=\u00bb1_2&#8243; _builder_version=\u00bb4.10.8&#8243; _module_preset=\u00bbdefault\u00bb global_colors_info=\u00bb{}\u00bb][et_pb_testimonial quote_icon=\u00bboff\u00bb quote_icon_color=\u00bb#FFFFFF\u00bb _builder_version=\u00bb4.10.8&#8243; _module_preset=\u00bbdefault\u00bb min_height=\u00bb553px\u00bb custom_margin=\u00bb|-1px||||\u00bb custom_padding=\u00bb4px|0px|0px|||\u00bb global_colors_info=\u00bb{}\u00bb]<\/p>\n<h2><\/h2>\n<h2><\/h2>\n<h2><\/h2>\n<h2>Juan Pascual<\/h2>\n<h2>De Temple<\/h2>\n<p>Natural de Barcelona i format a EEUU i Fran\u00e7a, ofereix <i>Serveis Integrals d'Interim Management.<\/i><\/p>\n<p class=\" translation-block\">Despr\u00e9s de m\u00e9s de 20 anys d'experi\u00e8ncia com <i>Director General <\/i>i <i>CEO<\/i> de diferents companyies dels sectors industrial i serveis, capitalitza les experi\u00e8ncies viscudes a cada nou projecte que afronta.<\/p>\n<p>Aquestes experi\u00e8ncies passen per haver-se especialitzat en tres tipus d'empreses\/projectes:<\/p>\n<p>1.Gesti\u00f3 de crisi<\/p>\n<p>2.Reposicionament\/Redireccionament d'empreses.<\/p>\n<p>3.Start Up\u2019s.<\/p>\n<ul><\/ul>\n<p>El valor diferencial que aporta a cada projecte \u00e9s no nom\u00e9s el disseny i el diagn\u00f2stic de situaci\u00f3 de l'empresa, la consultoria \u201ccl\u00e0ssica\u201d.<\/p>\n<p>Considera que el que \u00e9s fonamental \u00e9s acompanyar el client en l'execuci\u00f3 de les estrat\u00e8gies dissenyades a mida per SMART IM.<\/p>\n<ul><\/ul>\n<p>[\/et_pb_testimonial][\/et_pb_column][et_pb_column type=\u00bb1_2&#8243; _builder_version=\u00bb4.10.8&#8243; _module_preset=\u00bbdefault\u00bb global_colors_info=\u00bb{}\u00bb][et_pb_image src=\u00bbhttps:\/\/smartim.es\/wp-content\/uploads\/2021\/09\/JUAN-PASCUAL-CEO.jpg\u00bb title_text=\u00bbVarious business poster templates vector with people photography\u00bb _builder_version=\u00bb4.10.8&#8243; _module_preset=\u00bbdefault\u00bb width=\u00bb97%\u00bb custom_padding=\u00bb|0px||||\u00bb global_colors_info=\u00bb{}\u00bb][\/et_pb_image][\/et_pb_column][\/et_pb_row][et_pb_row _builder_version=\u00bb4.10.8&#8243; _module_preset=\u00bbdefault\u00bb global_colors_info=\u00bb{}\u00bb][et_pb_column type=\u00bb4_4&#8243; _builder_version=\u00bb4.10.8&#8243; _module_preset=\u00bbdefault\u00bb global_colors_info=\u00bb{}\u00bb][et_pb_testimonial author=\u00bbJohn Quincy Adams, ex presidente de Estados Unidos\u00bb quote_icon_color=\u00bb#39883e\u00bb _builder_version=\u00bb4.11.0&#8243; _module_preset=\u00bbdefault\u00bb body_font_size=\u00bb16px\u00bb author_text_align=\u00bbright\u00bb global_colors_info=\u00bb{}\u00bb]<\/p>\n<h3><span>\u00abSi les teves accions inspiren altres a somiar m\u00e9s, aprendre m\u00e9s, fer m\u00e9s i convertir-se en alguna cosa m\u00e9s, aleshores ets un l\u00edder.\u00bb<\/span><\/h3>\n<p>[\/et_pb_testimonial][\/et_pb_column][\/et_pb_row][\/et_pb_section][et_pb_section fb_built=\u00bb1&#8243; _builder_version=\u00bb4.10.8&#8243; _module_preset=\u00bbdefault\u00bb min_height=\u00bb406.2px\u00bb custom_padding=\u00bb0px|||||\u00bb locked=\u00bboff\u00bb global_colors_info=\u00bb{}\u00bb][et_pb_row _builder_version=\u00bb4.11.0&#8243; _module_preset=\u00bbdefault\u00bb width=\u00bb100%\u00bb max_width=\u00bb1355px\u00bb custom_padding=\u00bb0px||7px|||\u00bb global_colors_info=\u00bb{}\u00bb][et_pb_column type=\u00bb4_4&#8243; _builder_version=\u00bb4.10.8&#8243; _module_preset=\u00bbdefault\u00bb global_colors_info=\u00bb{}\u00bb][et_pb_cta title=\u00bbSMARTIM\u00bb button_url=\u00bb#\u00bb _builder_version=\u00bb4.11.0&#8243; header_font=\u00bb|700||on|||||\u00bb header_text_color=\u00bb#339034&#8243; header_font_size=\u00bb35px\u00bb header_letter_spacing=\u00bb2px\u00bb header_line_height=\u00bb2em\u00bb body_font=\u00bbPlayfair Display|700||on|||||\u00bb body_text_color=\u00bb#000000&#8243; body_font_size=\u00bb47px\u00bb body_line_height=\u00bb1.4em\u00bb background_color=\u00bb#ffffff\u00bb custom_button=\u00bbon\u00bb button_text_color=\u00bb#ffffff\u00bb button_bg_color=\u00bb#edbb5f\u00bb button_border_width=\u00bb0px\u00bb button_border_radius=\u00bb0px\u00bb button_letter_spacing=\u00bb1px\u00bb button_font=\u00bbSaira Extra Condensed|600||on|||||\u00bb button_use_icon=\u00bboff\u00bb custom_margin=\u00bb-4px||-6px||false|false\u00bb custom_padding=\u00bb10%||10%|\u00bb animation_style=\u00bbflip\u00bb animation_direction=\u00bbleft\u00bb animation_starting_opacity=\u00bb100%\u00bb box_shadow_style=\u00bbpreset3&#8243; box_shadow_vertical=\u00bb15px\u00bb box_shadow_blur=\u00bb80px\u00bb box_shadow_color=\u00bbrgba(0,0,0,0.2)\u00bb button_border_radius_hover=\u00bb1px\u00bb locked=\u00bboff\u00bb global_colors_info=\u00bb{}\u00bb button_text_size__hover_enabled=\u00bboff\u00bb button_one_text_size__hover_enabled=\u00bboff\u00bb button_two_text_size__hover_enabled=\u00bboff\u00bb button_text_color__hover_enabled=\u00bboff\u00bb button_one_text_color__hover_enabled=\u00bboff\u00bb button_two_text_color__hover_enabled=\u00bboff\u00bb button_border_width__hover_enabled=\u00bboff\u00bb button_one_border_width__hover_enabled=\u00bboff\u00bb button_two_border_width__hover_enabled=\u00bboff\u00bb button_border_color__hover_enabled=\u00bboff\u00bb button_one_border_color__hover_enabled=\u00bboff\u00bb button_two_border_color__hover_enabled=\u00bboff\u00bb button_border_radius__hover_enabled=\u00bbon\u00bb button_border_radius__hover=\u00bb1px\u00bb button_one_border_radius__hover_enabled=\u00bboff\u00bb button_two_border_radius__hover_enabled=\u00bboff\u00bb button_letter_spacing__hover_enabled=\u00bboff\u00bb button_one_letter_spacing__hover_enabled=\u00bboff\u00bb button_two_letter_spacing__hover_enabled=\u00bboff\u00bb button_bg_color__hover_enabled=\u00bboff\u00bb button_one_bg_color__hover_enabled=\u00bboff\u00bb button_two_bg_color__hover_enabled=\u00bboff\u00bb]<\/p>\n<p>Equip i Partners<\/p>\n<p>[\/et_pb_cta][\/et_pb_column][\/et_pb_row][\/et_pb_section][et_pb_section fb_built=\u00bb1&#8243; _builder_version=\u00bb4.10.8&#8243; _module_preset=\u00bbdefault\u00bb min_height=\u00bb479px\u00bb global_colors_info=\u00bb{}\u00bb][et_pb_row column_structure=\u00bb1_4,1_4,1_4,1_4&#8243; _builder_version=\u00bb4.10.8&#8243; _module_preset=\u00bbdefault\u00bb global_colors_info=\u00bb{}\u00bb][et_pb_column type=\u00bb1_4&#8243; _builder_version=\u00bb4.10.8&#8243; _module_preset=\u00bbdefault\u00bb global_colors_info=\u00bb{}\u00bb][et_pb_blurb title=\u00bbRib\u00e9 Salat\u00bb image=\u00bbhttps:\/\/smartim.es\/wp-content\/uploads\/2021\/09\/ribe.png\u00bb _builder_version=\u00bb4.13.0&#8243; _module_preset=\u00bbdefault\u00bb global_colors_info=\u00bb{}\u00bb]<\/p>\n<ul>\n<li>Assessorament jur\u00eddic integral.<\/li>\n<li>Assessorament patrimonial<\/li>\n<li>Assessorament fiscal.<\/li>\n<li>Mergers &amp; Acquisitions.<\/li>\n<\/ul>\n<p>[\/et_pb_blurb][\/et_pb_column][et_pb_column type=\u00bb1_4&#8243; _builder_version=\u00bb4.10.8&#8243; _module_preset=\u00bbdefault\u00bb global_colors_info=\u00bb{}\u00bb][et_pb_blurb title=\u00bbBarcelaux\u00bb url=\u00bbhttps:\/\/www.barcelaux.com\/\u00bb url_new_window=\u00bbon\u00bb image=\u00bbhttps:\/\/smartim.es\/wp-content\/uploads\/2021\/09\/BARCELAUX-LOGO-1-1.jpg\u00bb _builder_version=\u00bb4.13.0&#8243; _module_preset=\u00bbdefault\u00bb link_option_url=\u00bbhttps:\/\/www.barcelaux.com\/\u00bb link_option_url_new_window=\u00bbon\u00bb locked=\u00bboff\u00bb global_colors_info=\u00bb{}\u00bb]<\/p>\n<ul>\n<li>Assessorament comunicaci\u00f3<\/li>\n<li>Elaboraci\u00f3 de plans de M\u00e0rqueting<\/li>\n<li>Posicionament de marca<\/li>\n<li>Elaboraci\u00f3 i posicionament p\u00e0gina web corporativa.<\/li>\n<li>Posicionament companyies a RRSS.<\/li>\n<\/ul>\n<p>[\/et_pb_blurb][\/et_pb_column][et_pb_column type=\u00bb1_4&#8243; _builder_version=\u00bb4.10.8&#8243; _module_preset=\u00bbdefault\u00bb global_colors_info=\u00bb{}\u00bb][et_pb_blurb title=\u00bbSuma Capital\u00bb image=\u00bbhttps:\/\/smartim.es\/wp-content\/uploads\/2021\/09\/suma.png\u00bb _builder_version=\u00bb4.13.0&#8243; _module_preset=\u00bbdefault\u00bb locked=\u00bboff\u00bb global_colors_info=\u00bb{}\u00bb]<\/p>\n<ul>\n<li>Obtenci\u00f3 de capital<\/li>\n<li>Localitzaci\u00f3 de socis estrat\u00e8gics.<\/li>\n<li>Financi\u00f3 alternativa<\/li>\n<\/ul>\n<p>[\/et_pb_blurb][\/et_pb_column][et_pb_column type=\u00bb1_4&#8243; _builder_version=\u00bb4.10.8&#8243; _module_preset=\u00bbdefault\u00bb global_colors_info=\u00bb{}\u00bb][et_pb_blurb title=\u00bbQ Control Platform\u00bb image=\u00bbhttps:\/\/smartim.es\/wp-content\/uploads\/2021\/09\/q-control.png\u00bb _builder_version=\u00bb4.13.0&#8243; _module_preset=\u00bbdefault\u00bb locked=\u00bboff\u00bb global_colors_info=\u00bb{}\u00bb]<\/p>\n<ul>\n<li>Readaptaci\u00f3 d'empreses a Noves Tecnologies.<\/li>\n<li>Digitalitzaci\u00f3.<\/li>\n<li>Millores en sistemes de qualitat.<\/li>\n<li>Plataformes Smart.<\/li>\n<\/ul>\n<p>[\/et_pb_blurb][\/et_pb_column][\/et_pb_row][\/et_pb_section][et_pb_section fb_built=\u00bb1&#8243; _builder_version=\u00bb4.11.0&#8243; _module_preset=\u00bbdefault\u00bb global_colors_info=\u00bb{}\u00bb][et_pb_row _builder_version=\u00bb4.11.0&#8243; _module_preset=\u00bbdefault\u00bb global_colors_info=\u00bb{}\u00bb][et_pb_column type=\u00bb4_4&#8243; _builder_version=\u00bb4.11.0&#8243; _module_preset=\u00bbdefault\u00bb global_colors_info=\u00bb{}\u00bb][et_pb_testimonial author=\u00bbJames Cash Penney\u00bb quote_icon_color=\u00bb#39883e\u00bb _builder_version=\u00bb4.11.0&#8243; _module_preset=\u00bbdefault\u00bb body_font=\u00bb||||||||\u00bb body_font_size=\u00bb17px\u00bb author_text_align=\u00bbright\u00bb author_font_size=\u00bb19px\u00bb global_colors_info=\u00bb{}\u00bb]<\/p>\n<p>&nbsp;<\/p>\n<h3><strong><em>\u00abEls cinc dits separats s\u00f3n cinc unitats independents. Tanca'ls i el puny multiplica la for\u00e7a. Aquesta \u00e9s l'organitzaci\u00f3\u00bb<\/em><\/strong><\/h3>\n<p>[\/et_pb_testimonial][\/et_pb_column][\/et_pb_row][\/et_pb_section][et_pb_section fb_built=\u00bb1&#8243; _builder_version=\u00bb4.10.8&#8243; _module_preset=\u00bbdefault\u00bb custom_padding=\u00bb51px|||||\u00bb global_colors_info=\u00bb{}\u00bb][et_pb_row _builder_version=\u00bb4.10.8&#8243; _module_preset=\u00bbdefault\u00bb global_colors_info=\u00bb{}\u00bb][et_pb_column type=\u00bb4_4&#8243; _builder_version=\u00bb4.10.8&#8243; _module_preset=\u00bbdefault\u00bb global_colors_info=\u00bb{}\u00bb][et_pb_text _builder_version=\u00bb4.10.8&#8243; _module_preset=\u00bbdefault\u00bb text_font=\u00bb|300|||||||\u00bb text_orientation=\u00bbcenter\u00bb global_colors_info=\u00bb{}\u00bb]<\/p>\n<h3>Tamb\u00e9 treballen amb nosaltres.<\/h3>\n<p>[\/et_pb_text][\/et_pb_column][\/et_pb_row][et_pb_row column_structure=\u00bb1_4,1_4,1_4,1_4&#8243; _builder_version=\u00bb4.10.8&#8243; _module_preset=\u00bbdefault\u00bb width=\u00bb39%\u00bb module_alignment=\u00bbcenter\u00bb global_colors_info=\u00bb{}\u00bb][et_pb_column type=\u00bb1_4&#8243; _builder_version=\u00bb4.10.8&#8243; _module_preset=\u00bbdefault\u00bb global_colors_info=\u00bb{}\u00bb][et_pb_image src=\u00bbhttps:\/\/smartim.es\/wp-content\/uploads\/2021\/09\/applus.png\u00bb title_text=\u00bbapplus\u00bb _builder_version=\u00bb4.10.8&#8243; _module_preset=\u00bbdefault\u00bb global_colors_info=\u00bb{}\u00bb][\/et_pb_image][\/et_pb_column][et_pb_column type=\u00bb1_4&#8243; _builder_version=\u00bb4.10.8&#8243; _module_preset=\u00bbdefault\u00bb global_colors_info=\u00bb{}\u00bb][et_pb_image src=\u00bbhttps:\/\/smartim.es\/wp-content\/uploads\/2021\/09\/carburos.png\u00bb title_text=\u00bbcarburos\u00bb _builder_version=\u00bb4.10.8&#8243; _module_preset=\u00bbdefault\u00bb global_colors_info=\u00bb{}\u00bb][\/et_pb_image][\/et_pb_column][et_pb_column type=\u00bb1_4&#8243; _builder_version=\u00bb4.10.8&#8243; _module_preset=\u00bbdefault\u00bb global_colors_info=\u00bb{}\u00bb][et_pb_image src=\u00bbhttps:\/\/smartim.es\/wp-content\/uploads\/2021\/09\/prensa.png\u00bb title_text=\u00bbprensa\u00bb _builder_version=\u00bb4.10.8&#8243; _module_preset=\u00bbdefault\u00bb global_colors_info=\u00bb{}\u00bb][\/et_pb_image][\/et_pb_column][et_pb_column type=\u00bb1_4&#8243; _builder_version=\u00bb4.10.8&#8243; _module_preset=\u00bbdefault\u00bb global_colors_info=\u00bb{}\u00bb][et_pb_image src=\u00bbhttps:\/\/smartim.es\/wp-content\/uploads\/2021\/09\/kodak.png\u00bb title_text=\u00bbkodak\u00bb _builder_version=\u00bb4.10.8&#8243; _module_preset=\u00bbdefault\u00bb global_colors_info=\u00bb{}\u00bb][\/et_pb_image][\/et_pb_column][\/et_pb_row][et_pb_row column_structure=\u00bb1_4,1_4,1_4,1_4&#8243; _builder_version=\u00bb4.10.8&#8243; _module_preset=\u00bbdefault\u00bb width=\u00bb39%\u00bb module_alignment=\u00bbcenter\u00bb global_colors_info=\u00bb{}\u00bb][et_pb_column type=\u00bb1_4&#8243; _builder_version=\u00bb4.10.8&#8243; _module_preset=\u00bbdefault\u00bb global_colors_info=\u00bb{}\u00bb][et_pb_image src=\u00bbhttps:\/\/smartim.es\/wp-content\/uploads\/2021\/09\/b.png\u00bb title_text=\u00bbb\u00bb _builder_version=\u00bb4.10.8&#8243; _module_preset=\u00bbdefault\u00bb global_colors_info=\u00bb{}\u00bb][\/et_pb_image][\/et_pb_column][et_pb_column type=\u00bb1_4&#8243; _builder_version=\u00bb4.10.8&#8243; _module_preset=\u00bbdefault\u00bb global_colors_info=\u00bb{}\u00bb][et_pb_image src=\u00bbhttps:\/\/smartim.es\/wp-content\/uploads\/2021\/09\/messer.png\u00bb title_text=\u00bbmesser\u00bb _builder_version=\u00bb4.10.8&#8243; _module_preset=\u00bbdefault\u00bb global_colors_info=\u00bb{}\u00bb][\/et_pb_image][\/et_pb_column][et_pb_column type=\u00bb1_4&#8243; _builder_version=\u00bb4.10.8&#8243; _module_preset=\u00bbdefault\u00bb global_colors_info=\u00bb{}\u00bb][et_pb_image src=\u00bbhttps:\/\/smartim.es\/wp-content\/uploads\/2021\/09\/panrico.png\u00bb title_text=\u00bbpanrico\u00bb _builder_version=\u00bb4.10.8&#8243; _module_preset=\u00bbdefault\u00bb global_colors_info=\u00bb{}\u00bb][\/et_pb_image][\/et_pb_column][et_pb_column type=\u00bb1_4&#8243; _builder_version=\u00bb4.10.8&#8243; _module_preset=\u00bbdefault\u00bb global_colors_info=\u00bb{}\u00bb][et_pb_image src=\u00bbhttps:\/\/smartim.es\/wp-content\/uploads\/2021\/09\/tagsa.png\u00bb title_text=\u00bbtagsa\u00bb _builder_version=\u00bb4.10.8&#8243; _module_preset=\u00bbdefault\u00bb global_colors_info=\u00bb{}\u00bb][\/et_pb_image][\/et_pb_column][\/et_pb_row][\/et_pb_section]<\/p>","protected":false},"excerpt":{"rendered":"<p>\u00abInvol\u00facrate con personas que puedan hacerte mejor.\u00bb Juan Pascual de Temple &#8211; CEO Juan Pascual De Temple Natural de Barcelona y formado en EEUU y Francia, ofrece Servicios Integrales de Interim Management. Despu\u00e9s de m\u00e1s de 20 a\u00f1os de experiencia como Director General y CEO de diferentes compa\u00f1\u00edas de los sectores industrial y servicios, capitaliza [&hellip;]<\/p>","protected":false},"author":1,"featured_media":0,"parent":0,"menu_order":0,"comment_status":"closed","ping_status":"closed","template":"","meta":{"_et_pb_use_builder":"on","_et_pb_old_content":"","_et_gb_content_width":"","footnotes":""},"class_list":["post-6096","page","type-page","status-publish","hentry"],"_links":{"self":[{"href":"https:\/\/smartim.es\/ca\/wp-json\/wp\/v2\/pages\/6096","targetHints":{"allow":["GET"]}}],"collection":[{"href":"https:\/\/smartim.es\/ca\/wp-json\/wp\/v2\/pages"}],"about":[{"href":"https:\/\/smartim.es\/ca\/wp-json\/wp\/v2\/types\/page"}],"author":[{"embeddable":true,"href":"https:\/\/smartim.es\/ca\/wp-json\/wp\/v2\/users\/1"}],"replies":[{"embeddable":true,"href":"https:\/\/smartim.es\/ca\/wp-json\/wp\/v2\/comments?post=6096"}],"version-history":[{"count":42,"href":"https:\/\/smartim.es\/ca\/wp-json\/wp\/v2\/pages\/6096\/revisions"}],"predecessor-version":[{"id":6613,"href":"https:\/\/smartim.es\/ca\/wp-json\/wp\/v2\/pages\/6096\/revisions\/6613"}],"wp:attachment":[{"href":"https:\/\/smartim.es\/ca\/wp-json\/wp\/v2\/media?parent=6096"}],"curies":[{"name":"wp","href":"https:\/\/api.w.org\/{rel}","templated":true}]}}